{"id":49,"date":"2021-09-21T07:09:30","date_gmt":"2021-09-21T05:09:30","guid":{"rendered":"https:\/\/xn--wrfel-becher-dlb.de\/index.php\/home\/"},"modified":"2024-07-08T08:50:25","modified_gmt":"2024-07-08T06:50:25","slug":"gravierte-wuerfelbecher-wuerfelbecher-personalisiert","status":"publish","type":"page","link":"https:\/\/wuerfel-becher.de\/","title":{"rendered":"Gravierte W\u00fcrfelbecher"},"content":{"rendered":"\n<p class=\"has-text-align-center has-vivid-red-color has-text-color has-link-color has-medium-font-size wp-elements-2bd6c199d60e06db7fddb470296ee776\"><\/p>\n\n\n\n<p class=\"has-text-align-center has-text-color has-medium-font-size\" style=\"color:#a36a00\"><strong>Bei W\u00fcrfel-Becher.de finden Sie die M\u00f6glichkeit einen Lederbecher oder einen Holzw\u00fcrfel mit einem individuellen Text, Bild oder Logo zu gravieren. Auch farbige W\u00fcrfelbecher sind ab sofort erh\u00e4ltlich. Kniffelbl\u00f6cke k\u00f6nnen wir mit Ihrem Logo bedrucken. <br>Ben\u00f6tigen Sie Hilfe beim Bearbeiten von einer Grafik oder Ihrem Logo?<\/strong><\/p>\n\n\n\n<p class=\"has-text-align-center has-vivid-red-color has-text-color has-link-color has-medium-font-size wp-elements-2bd6c199d60e06db7fddb470296ee776\"><\/p>\n\n\n\n<p class=\"has-text-align-center has-text-color has-medium-font-size\" style=\"color:#a36a00\"><strong>Senden Sie uns eine E-Mail an&nbsp;<a href=\"mailto:becher@design-limburg.de\">becher@design-limburg.de<\/a>&nbsp;oder<br>Tel.: 06431 \u2013 944 12 86<\/strong><\/p>\n\n\n\n<p class=\"has-text-align-center has-text-color has-medium-font-size\" style=\"color:#a36a00\"><strong>Versandkostenfrei ab 60\u20ac nach DE<\/strong><\/p>\n\n\n\n<p class=\"has-text-align-center has-text-color has-medium-font-size\" style=\"color:#a36a00\"><strong>Restliche EU Versandkostenfrei ab 100\u20ac<\/strong><\/p>\n\n\n\n<p class=\"has-text-align-center has-small-font-size\"><strong>(Sie sind Wiederverk\u00e4ufer? Wir liefern auch Lederbecher ohne Beschriftung, ab 100stk.)<\/strong><\/p>\n\n\n\n<div style=\"height:100px\" aria-hidden=\"true\" class=\"wp-block-spacer\"><\/div>\n\n\n<div class=\"wp-block-image\">\n<figure class=\"aligncenter size-large is-resized\"><img data-recalc-dims=\"1\" loading=\"lazy\" decoding=\"async\" width=\"925\" height=\"694\" src=\"https:\/\/i0.wp.com\/xn--wrfel-becher-dlb.de\/wp-content\/uploads\/2021\/10\/20240605_121207-1024x768.jpg?resize=925%2C694&#038;ssl=1\" alt=\"W\u00fcrfelbecher der FJGL\" class=\"wp-image-2865\" style=\"width:357px;height:auto\" srcset=\"https:\/\/i0.wp.com\/wuerfel-becher.de\/wp-content\/uploads\/2021\/10\/20240605_121207-scaled.jpg?resize=1024%2C768&amp;ssl=1 1024w, https:\/\/i0.wp.com\/wuerfel-becher.de\/wp-content\/uploads\/2021\/10\/20240605_121207-scaled.jpg?resize=300%2C225&amp;ssl=1 300w, https:\/\/i0.wp.com\/wuerfel-becher.de\/wp-content\/uploads\/2021\/10\/20240605_121207-scaled.jpg?resize=768%2C576&amp;ssl=1 768w, https:\/\/i0.wp.com\/wuerfel-becher.de\/wp-content\/uploads\/2021\/10\/20240605_121207-scaled.jpg?resize=1536%2C1152&amp;ssl=1 1536w, https:\/\/i0.wp.com\/wuerfel-becher.de\/wp-content\/uploads\/2021\/10\/20240605_121207-scaled.jpg?resize=2048%2C1536&amp;ssl=1 2048w, https:\/\/i0.wp.com\/wuerfel-becher.de\/wp-content\/uploads\/2021\/10\/20240605_121207-scaled.jpg?resize=80%2C60&amp;ssl=1 80w, https:\/\/i0.wp.com\/wuerfel-becher.de\/wp-content\/uploads\/2021\/10\/20240605_121207-scaled.jpg?resize=500%2C375&amp;ssl=1 500w, https:\/\/i0.wp.com\/wuerfel-becher.de\/wp-content\/uploads\/2021\/10\/20240605_121207-scaled.jpg?resize=120%2C90&amp;ssl=1 120w, https:\/\/i0.wp.com\/wuerfel-becher.de\/wp-content\/uploads\/2021\/10\/20240605_121207-scaled.jpg?w=1850&amp;ssl=1 1850w\" sizes=\"auto, (max-width: 925px) 100vw, 925px\" \/><\/figure>\n<\/div>\n\n\n<div style=\"height:73px\" aria-hidden=\"true\" class=\"wp-block-spacer\"><\/div>\n\n\n\n<p class=\"has-text-align-center has-text-color has-link-color has-medium-font-size wp-elements-c8f4a040310dd02aef97bed7b366035e\" style=\"color:#a36a00\"><strong>Unser Konfigurator erm\u00f6glicht es Ihnen, Ihr Motiv nach Ihren W\u00fcnschen anzupassen und Ihrem W\u00fcrfelbecher eine pers\u00f6nliche Note zu verleihen. Wir stehen Ihnen jederzeit zur Verf\u00fcgung, um Ihre Fragen zu beantworten und Sie bei der Realisierung Ihrer Ideen zu unterst\u00fctzen.<\/strong><\/p>\n\n\n\n<p class=\"has-text-align-center has-text-color has-link-color has-medium-font-size wp-elements-6e5b234656296e3a6431ef2221cde024\" style=\"color:#a36a00\"><strong>Tauchen Sie ein in die Welt von <a href=\"https:\/\/wuerfel-becher.de\/index.php\/shop-fuer-gravierte-wuerfelbecher\/\">W\u00fcrfel-Becher.de<\/a> und erleben Sie die Vereinigung von Qualit\u00e4t, Handwerkskunst und Individualit\u00e4t in jedem unserer einzigartigen W\u00fcrfelbecher.<\/strong><\/p>\n\n\n\n<p class=\"has-text-align-center has-text-color has-link-color has-medium-font-size wp-elements-f58c2ad9853a4bca860b68bcacd90432\" style=\"color:#a36a00\"><strong>Wir freuen uns darauf, Ihre pers\u00f6nliche Kreation zum Leben zu erwecken.<\/strong><\/p>\n\n\n\n<p class=\"has-text-align-center has-text-color has-link-color has-medium-font-size wp-elements-70892ab3a7a2dc3a0285d624f3600cd0\" style=\"color:#a36a00\"><strong>Ihr <a href=\"https:\/\/wuerfel-becher.de\/index.php\/shop-fuer-gravierte-wuerfelbecher\/\">W\u00fcrfel-Becher.de<\/a> Team.<\/strong><\/p>\n\n\n\n<p class=\"has-text-align-center has-text-color has-link-color has-medium-font-size wp-elements-7ac92188808662fca3a7aafb2f839355\" style=\"color:#a36a00\"><strong><a href=\"https:\/\/wuerfel-becher.de\/index.php\/shop-fuer-gravierte-wuerfelbecher\/\">W\u00fcrfel-Becher.de<\/a> ist ein Ort, an dem Kreativit\u00e4t und Handwerkskunst zusammenkommen, um individuelle und einzigartige W\u00fcrfelbecher zu schaffen. Unser Team von erfahrenen Handwerkern und Grafikdesignern steht bereit, um Ihre Ideen in die Realit\u00e4t umzusetzen. Wir legen Wert auf h\u00f6chste Qualit\u00e4t und Liebe zum Detail bei jedem Schritt des Gravurprozesses, um sicherzustellen, dass Ihr W\u00fcrfelbecher ein echtes Unikat wird. Von personalisierten Geschenken bis hin zu Werbeartikeln \u2013 bei uns finden Sie die perfekte L\u00f6sung. Kontaktieren Sie uns noch heute, um Ihre pers\u00f6nlichen W\u00fcnsche umzusetzen und einzigartige W\u00fcrfelbecher zu kreieren, die Ihre Individualit\u00e4t widerspiegeln.<\/strong><\/p>\n\n\n\n<div style=\"height:100px\" aria-hidden=\"true\" class=\"wp-block-spacer\"><\/div>\n","protected":false},"excerpt":{"rendered":"<p>Bei W\u00fcrfel-Becher.de finden Sie die M\u00f6glichkeit einen Lederbecher oder einen Holzw\u00fcrfel mit einem individuellen Text, Bild oder Logo zu gravieren. Auch farbige W\u00fcrfelbecher sind ab sofort erh\u00e4ltlich. Kniffelbl\u00f6cke k\u00f6nnen wir mit Ihrem Logo bedrucken. Ben\u00f6tigen Sie Hilfe beim Bearbeiten von einer Grafik oder Ihrem Logo? Senden Sie uns eine E-Mail an&nbsp;becher@design-limburg.de&nbsp;oderTel.: 06431 \u2013 944 12 &hellip; <\/p>\n","protected":false},"author":1,"featured_media":0,"parent":0,"menu_order":1,"comment_status":"closed","ping_status":"closed","template":"","meta":{"footnotes":""},"class_list":["post-49","page","type-page","status-publish","hentry"],"yoast_head":"<!-- This site is optimized with the Yoast SEO plugin v27.5 - https:\/\/yoast.com\/product\/yoast-seo-wordpress\/ -->\n<title>Gravierte W\u00fcrfelbecher - W\u00fcrfel-Becher.de<\/title>\n<meta name=\"description\" content=\"Bei W\u00fcrfel-Becher finden Sie die M\u00f6glichkeit einen W\u00fcrfelbecher individuell und Personalisiert mit Ihrem Text oder Logo zu gravieren.\" \/>\n<meta name=\"robots\" content=\"index, follow, max-snippet:-1, max-image-preview:large, max-video-preview:-1\" \/>\n<link rel=\"canonical\" href=\"https:\/\/wuerfel-becher.de\/\" \/>\n<meta property=\"og:locale\" content=\"de_DE\" \/>\n<meta property=\"og:type\" content=\"article\" \/>\n<meta property=\"og:title\" content=\"Gravierte W\u00fcrfelbecher - W\u00fcrfel-Becher.de\" \/>\n<meta property=\"og:description\" content=\"Bei W\u00fcrfel-Becher finden Sie die M\u00f6glichkeit einen W\u00fcrfelbecher individuell und Personalisiert mit Ihrem Text oder Logo zu gravieren.\" \/>\n<meta property=\"og:url\" content=\"https:\/\/wuerfel-becher.de\/\" \/>\n<meta property=\"og:site_name\" content=\"W\u00fcrfel-Becher.de\" \/>\n<meta property=\"article:modified_time\" content=\"2024-07-08T06:50:25+00:00\" \/>\n<meta property=\"og:image\" content=\"https:\/\/xn--wrfel-becher-dlb.de\/wp-content\/uploads\/2021\/10\/20240605_121207-1024x768.jpg\" \/>\n<meta name=\"twitter:card\" content=\"summary_large_image\" \/>\n<meta name=\"twitter:label1\" content=\"Gesch\u00e4tzte Lesezeit\" \/>\n\t<meta name=\"twitter:data1\" content=\"1\u00a0Minute\" \/>\n<script type=\"application\/ld+json\" class=\"yoast-schema-graph\">{\"@context\":\"https:\\\/\\\/schema.org\",\"@graph\":[{\"@type\":\"Article\",\"@id\":\"https:\\\/\\\/wuerfel-becher.de\\\/#article\",\"isPartOf\":{\"@id\":\"https:\\\/\\\/wuerfel-becher.de\\\/\"},\"author\":{\"name\":\"becher\",\"@id\":\"https:\\\/\\\/wuerfel-becher.de\\\/#\\\/schema\\\/person\\\/b0bf433cabdd7e0219bac67dcc571154\"},\"headline\":\"Gravierte W\u00fcrfelbecher\",\"datePublished\":\"2021-09-21T05:09:30+00:00\",\"dateModified\":\"2024-07-08T06:50:25+00:00\",\"mainEntityOfPage\":{\"@id\":\"https:\\\/\\\/wuerfel-becher.de\\\/\"},\"wordCount\":282,\"publisher\":{\"@id\":\"https:\\\/\\\/wuerfel-becher.de\\\/#organization\"},\"image\":{\"@id\":\"https:\\\/\\\/wuerfel-becher.de\\\/#primaryimage\"},\"thumbnailUrl\":\"https:\\\/\\\/xn--wrfel-becher-dlb.de\\\/wp-content\\\/uploads\\\/2021\\\/10\\\/20240605_121207-1024x768.jpg\",\"inLanguage\":\"de\"},{\"@type\":\"WebPage\",\"@id\":\"https:\\\/\\\/wuerfel-becher.de\\\/\",\"url\":\"https:\\\/\\\/wuerfel-becher.de\\\/\",\"name\":\"Gravierte W\u00fcrfelbecher - W\u00fcrfel-Becher.de\",\"isPartOf\":{\"@id\":\"https:\\\/\\\/wuerfel-becher.de\\\/#website\"},\"primaryImageOfPage\":{\"@id\":\"https:\\\/\\\/wuerfel-becher.de\\\/#primaryimage\"},\"image\":{\"@id\":\"https:\\\/\\\/wuerfel-becher.de\\\/#primaryimage\"},\"thumbnailUrl\":\"https:\\\/\\\/xn--wrfel-becher-dlb.de\\\/wp-content\\\/uploads\\\/2021\\\/10\\\/20240605_121207-1024x768.jpg\",\"datePublished\":\"2021-09-21T05:09:30+00:00\",\"dateModified\":\"2024-07-08T06:50:25+00:00\",\"description\":\"Bei W\u00fcrfel-Becher finden Sie die M\u00f6glichkeit einen W\u00fcrfelbecher individuell und Personalisiert mit Ihrem Text oder Logo zu gravieren.\",\"breadcrumb\":{\"@id\":\"https:\\\/\\\/wuerfel-becher.de\\\/#breadcrumb\"},\"inLanguage\":\"de\",\"potentialAction\":[{\"@type\":\"ReadAction\",\"target\":[\"https:\\\/\\\/wuerfel-becher.de\\\/\"]}]},{\"@type\":\"ImageObject\",\"inLanguage\":\"de\",\"@id\":\"https:\\\/\\\/wuerfel-becher.de\\\/#primaryimage\",\"url\":\"https:\\\/\\\/xn--wrfel-becher-dlb.de\\\/wp-content\\\/uploads\\\/2021\\\/10\\\/20240605_121207-1024x768.jpg\",\"contentUrl\":\"https:\\\/\\\/xn--wrfel-becher-dlb.de\\\/wp-content\\\/uploads\\\/2021\\\/10\\\/20240605_121207-1024x768.jpg\"},{\"@type\":\"BreadcrumbList\",\"@id\":\"https:\\\/\\\/wuerfel-becher.de\\\/#breadcrumb\",\"itemListElement\":[{\"@type\":\"ListItem\",\"position\":1,\"name\":\"Startseite\",\"item\":\"https:\\\/\\\/wuerfel-becher.de\\\/\"},{\"@type\":\"ListItem\",\"position\":2,\"name\":\"Gravierte W\u00fcrfelbecher\"}]},{\"@type\":\"WebSite\",\"@id\":\"https:\\\/\\\/wuerfel-becher.de\\\/#website\",\"url\":\"https:\\\/\\\/wuerfel-becher.de\\\/\",\"name\":\"W\u00fcrfel-Becher.de\",\"description\":\"\",\"publisher\":{\"@id\":\"https:\\\/\\\/wuerfel-becher.de\\\/#organization\"},\"potentialAction\":[{\"@type\":\"SearchAction\",\"target\":{\"@type\":\"EntryPoint\",\"urlTemplate\":\"https:\\\/\\\/wuerfel-becher.de\\\/?s={search_term_string}\"},\"query-input\":{\"@type\":\"PropertyValueSpecification\",\"valueRequired\":true,\"valueName\":\"search_term_string\"}}],\"inLanguage\":\"de\"},{\"@type\":\"Organization\",\"@id\":\"https:\\\/\\\/wuerfel-becher.de\\\/#organization\",\"name\":\"W\u00fcrfel-Becher.de\",\"url\":\"https:\\\/\\\/wuerfel-becher.de\\\/\",\"logo\":{\"@type\":\"ImageObject\",\"inLanguage\":\"de\",\"@id\":\"https:\\\/\\\/wuerfel-becher.de\\\/#\\\/schema\\\/logo\\\/image\\\/\",\"url\":\"https:\\\/\\\/xn--wrfel-becher-dlb.de\\\/wp-content\\\/uploads\\\/2021\\\/11\\\/becherlogo.png\",\"contentUrl\":\"https:\\\/\\\/xn--wrfel-becher-dlb.de\\\/wp-content\\\/uploads\\\/2021\\\/11\\\/becherlogo.png\",\"width\":418,\"height\":449,\"caption\":\"W\u00fcrfel-Becher.de\"},\"image\":{\"@id\":\"https:\\\/\\\/wuerfel-becher.de\\\/#\\\/schema\\\/logo\\\/image\\\/\"},\"sameAs\":[\"https:\\\/\\\/www.instagram.com\\\/wuerfelbecher_mit_gravur\\\/\"]},{\"@type\":\"Person\",\"@id\":\"https:\\\/\\\/wuerfel-becher.de\\\/#\\\/schema\\\/person\\\/b0bf433cabdd7e0219bac67dcc571154\",\"name\":\"becher\",\"image\":{\"@type\":\"ImageObject\",\"inLanguage\":\"de\",\"@id\":\"https:\\\/\\\/secure.gravatar.com\\\/avatar\\\/bd3db96f363d3ae9047fb09ff805c2cb02c2d2a66fbeb6839147bb1511148321?s=96&d=mm&r=g\",\"url\":\"https:\\\/\\\/secure.gravatar.com\\\/avatar\\\/bd3db96f363d3ae9047fb09ff805c2cb02c2d2a66fbeb6839147bb1511148321?s=96&d=mm&r=g\",\"contentUrl\":\"https:\\\/\\\/secure.gravatar.com\\\/avatar\\\/bd3db96f363d3ae9047fb09ff805c2cb02c2d2a66fbeb6839147bb1511148321?s=96&d=mm&r=g\",\"caption\":\"becher\"},\"sameAs\":[\"http:\\\/\\\/xn--wrfel-becher-dlb.de\"],\"url\":\"https:\\\/\\\/wuerfel-becher.de\\\/index.php\\\/author\\\/becher\\\/\"}]}<\/script>\n<!-- \/ Yoast SEO plugin. -->","yoast_head_json":{"title":"Gravierte W\u00fcrfelbecher - W\u00fcrfel-Becher.de","description":"Bei W\u00fcrfel-Becher finden Sie die M\u00f6glichkeit einen W\u00fcrfelbecher individuell und Personalisiert mit Ihrem Text oder Logo zu gravieren.","robots":{"index":"index","follow":"follow","max-snippet":"max-snippet:-1","max-image-preview":"max-image-preview:large","max-video-preview":"max-video-preview:-1"},"canonical":"https:\/\/wuerfel-becher.de\/","og_locale":"de_DE","og_type":"article","og_title":"Gravierte W\u00fcrfelbecher - W\u00fcrfel-Becher.de","og_description":"Bei W\u00fcrfel-Becher finden Sie die M\u00f6glichkeit einen W\u00fcrfelbecher individuell und Personalisiert mit Ihrem Text oder Logo zu gravieren.","og_url":"https:\/\/wuerfel-becher.de\/","og_site_name":"W\u00fcrfel-Becher.de","article_modified_time":"2024-07-08T06:50:25+00:00","og_image":[{"url":"https:\/\/xn--wrfel-becher-dlb.de\/wp-content\/uploads\/2021\/10\/20240605_121207-1024x768.jpg","type":"","width":"","height":""}],"twitter_card":"summary_large_image","twitter_misc":{"Gesch\u00e4tzte Lesezeit":"1\u00a0Minute"},"schema":{"@context":"https:\/\/schema.org","@graph":[{"@type":"Article","@id":"https:\/\/wuerfel-becher.de\/#article","isPartOf":{"@id":"https:\/\/wuerfel-becher.de\/"},"author":{"name":"becher","@id":"https:\/\/wuerfel-becher.de\/#\/schema\/person\/b0bf433cabdd7e0219bac67dcc571154"},"headline":"Gravierte W\u00fcrfelbecher","datePublished":"2021-09-21T05:09:30+00:00","dateModified":"2024-07-08T06:50:25+00:00","mainEntityOfPage":{"@id":"https:\/\/wuerfel-becher.de\/"},"wordCount":282,"publisher":{"@id":"https:\/\/wuerfel-becher.de\/#organization"},"image":{"@id":"https:\/\/wuerfel-becher.de\/#primaryimage"},"thumbnailUrl":"https:\/\/xn--wrfel-becher-dlb.de\/wp-content\/uploads\/2021\/10\/20240605_121207-1024x768.jpg","inLanguage":"de"},{"@type":"WebPage","@id":"https:\/\/wuerfel-becher.de\/","url":"https:\/\/wuerfel-becher.de\/","name":"Gravierte W\u00fcrfelbecher - W\u00fcrfel-Becher.de","isPartOf":{"@id":"https:\/\/wuerfel-becher.de\/#website"},"primaryImageOfPage":{"@id":"https:\/\/wuerfel-becher.de\/#primaryimage"},"image":{"@id":"https:\/\/wuerfel-becher.de\/#primaryimage"},"thumbnailUrl":"https:\/\/xn--wrfel-becher-dlb.de\/wp-content\/uploads\/2021\/10\/20240605_121207-1024x768.jpg","datePublished":"2021-09-21T05:09:30+00:00","dateModified":"2024-07-08T06:50:25+00:00","description":"Bei W\u00fcrfel-Becher finden Sie die M\u00f6glichkeit einen W\u00fcrfelbecher individuell und Personalisiert mit Ihrem Text oder Logo zu gravieren.","breadcrumb":{"@id":"https:\/\/wuerfel-becher.de\/#breadcrumb"},"inLanguage":"de","potentialAction":[{"@type":"ReadAction","target":["https:\/\/wuerfel-becher.de\/"]}]},{"@type":"ImageObject","inLanguage":"de","@id":"https:\/\/wuerfel-becher.de\/#primaryimage","url":"https:\/\/xn--wrfel-becher-dlb.de\/wp-content\/uploads\/2021\/10\/20240605_121207-1024x768.jpg","contentUrl":"https:\/\/xn--wrfel-becher-dlb.de\/wp-content\/uploads\/2021\/10\/20240605_121207-1024x768.jpg"},{"@type":"BreadcrumbList","@id":"https:\/\/wuerfel-becher.de\/#breadcrumb","itemListElement":[{"@type":"ListItem","position":1,"name":"Startseite","item":"https:\/\/wuerfel-becher.de\/"},{"@type":"ListItem","position":2,"name":"Gravierte W\u00fcrfelbecher"}]},{"@type":"WebSite","@id":"https:\/\/wuerfel-becher.de\/#website","url":"https:\/\/wuerfel-becher.de\/","name":"W\u00fcrfel-Becher.de","description":"","publisher":{"@id":"https:\/\/wuerfel-becher.de\/#organization"},"potentialAction":[{"@type":"SearchAction","target":{"@type":"EntryPoint","urlTemplate":"https:\/\/wuerfel-becher.de\/?s={search_term_string}"},"query-input":{"@type":"PropertyValueSpecification","valueRequired":true,"valueName":"search_term_string"}}],"inLanguage":"de"},{"@type":"Organization","@id":"https:\/\/wuerfel-becher.de\/#organization","name":"W\u00fcrfel-Becher.de","url":"https:\/\/wuerfel-becher.de\/","logo":{"@type":"ImageObject","inLanguage":"de","@id":"https:\/\/wuerfel-becher.de\/#\/schema\/logo\/image\/","url":"https:\/\/xn--wrfel-becher-dlb.de\/wp-content\/uploads\/2021\/11\/becherlogo.png","contentUrl":"https:\/\/xn--wrfel-becher-dlb.de\/wp-content\/uploads\/2021\/11\/becherlogo.png","width":418,"height":449,"caption":"W\u00fcrfel-Becher.de"},"image":{"@id":"https:\/\/wuerfel-becher.de\/#\/schema\/logo\/image\/"},"sameAs":["https:\/\/www.instagram.com\/wuerfelbecher_mit_gravur\/"]},{"@type":"Person","@id":"https:\/\/wuerfel-becher.de\/#\/schema\/person\/b0bf433cabdd7e0219bac67dcc571154","name":"becher","image":{"@type":"ImageObject","inLanguage":"de","@id":"https:\/\/secure.gravatar.com\/avatar\/bd3db96f363d3ae9047fb09ff805c2cb02c2d2a66fbeb6839147bb1511148321?s=96&d=mm&r=g","url":"https:\/\/secure.gravatar.com\/avatar\/bd3db96f363d3ae9047fb09ff805c2cb02c2d2a66fbeb6839147bb1511148321?s=96&d=mm&r=g","contentUrl":"https:\/\/secure.gravatar.com\/avatar\/bd3db96f363d3ae9047fb09ff805c2cb02c2d2a66fbeb6839147bb1511148321?s=96&d=mm&r=g","caption":"becher"},"sameAs":["http:\/\/xn--wrfel-becher-dlb.de"],"url":"https:\/\/wuerfel-becher.de\/index.php\/author\/becher\/"}]}},"jetpack_sharing_enabled":true,"_links":{"self":[{"href":"https:\/\/wuerfel-becher.de\/index.php\/wp-json\/wp\/v2\/pages\/49","targetHints":{"allow":["GET"]}}],"collection":[{"href":"https:\/\/wuerfel-becher.de\/index.php\/wp-json\/wp\/v2\/pages"}],"about":[{"href":"https:\/\/wuerfel-becher.de\/index.php\/wp-json\/wp\/v2\/types\/page"}],"author":[{"embeddable":true,"href":"https:\/\/wuerfel-becher.de\/index.php\/wp-json\/wp\/v2\/users\/1"}],"replies":[{"embeddable":true,"href":"https:\/\/wuerfel-becher.de\/index.php\/wp-json\/wp\/v2\/comments?post=49"}],"version-history":[{"count":106,"href":"https:\/\/wuerfel-becher.de\/index.php\/wp-json\/wp\/v2\/pages\/49\/revisions"}],"predecessor-version":[{"id":2913,"href":"https:\/\/wuerfel-becher.de\/index.php\/wp-json\/wp\/v2\/pages\/49\/revisions\/2913"}],"wp:attachment":[{"href":"https:\/\/wuerfel-becher.de\/index.php\/wp-json\/wp\/v2\/media?parent=49"}],"curies":[{"name":"wp","href":"https:\/\/api.w.org\/{rel}","templated":true}]}}